{"version":"1.0","provider_name":"Greens\/EFA","provider_url":"https:\/\/www.greens-efa.eu\/dossier","author_name":"jean","author_url":"https:\/\/www.greens-efa.eu\/dossier\/author\/jean\/","title":"INTERNATIONAL - Favoriser la solidarit\u00e9, prot\u00e9ger les droits humains et renforcer le multilat\u00e9ralisme - Greens\/EFA","type":"rich","width":600,"height":338,"html":"<blockquote class=\"wp-embedded-content\" data-secret=\"YnYRKKk6SN\"><a href=\"https:\/\/www.greens-efa.eu\/dossier\/dans-quel-monde-voulons-nous-vivre-demain\/international\/\">INTERNATIONAL &#8211; Favoriser la solidarit\u00e9, prot\u00e9ger les droits humains et renforcer le multilat\u00e9ralisme<\/a><\/blockquote><iframe sandbox=\"allow-scripts\" security=\"restricted\" src=\"https:\/\/www.greens-efa.eu\/dossier\/dans-quel-monde-voulons-nous-vivre-demain\/international\/embed\/#?secret=YnYRKKk6SN\" width=\"600\" height=\"338\" title=\"&#8220;INTERNATIONAL &#8211; Favoriser la solidarit\u00e9, prot\u00e9ger les droits humains et renforcer le multilat\u00e9ralisme&#8221; &#8212; Greens\/EFA\" data-secret=\"YnYRKKk6SN\" frameborder=\"0\" marginwidth=\"0\" marginheight=\"0\" scrolling=\"no\" class=\"wp-embedded-content\"><\/iframe><script type=\"text\/javascript\">\n\/*! This file is auto-generated *\/\n!function(c,d){\"use strict\";var e=!1,o=!1;if(d.querySelector)if(c.addEventListener)e=!0;if(c.wp=c.wp||{},c.wp.receiveEmbedMessage);else if(c.wp.receiveEmbedMessage=function(e){var t=e.data;if(!t);else if(!(t.secret||t.message||t.value));else if(\/[^a-zA-Z0-9]\/.test(t.secret));else{for(var r,s,a,i=d.querySelectorAll('iframe[data-secret=\"'+t.secret+'\"]'),n=d.querySelectorAll('blockquote[data-secret=\"'+t.secret+'\"]'),o=new RegExp(\"^https?:$\",\"i\"),l=0;l<n.length;l++)n[l].style.display=\"none\";for(l=0;l<i.length;l++)if(r=i[l],e.source!==r.contentWindow);else{if(r.removeAttribute(\"style\"),\"height\"===t.message){if(1e3<(s=parseInt(t.value,10)))s=1e3;else if(~~s<200)s=200;r.height=s}if(\"link\"===t.message)if(s=d.createElement(\"a\"),a=d.createElement(\"a\"),s.href=r.getAttribute(\"src\"),a.href=t.value,!o.test(a.protocol));else if(a.host===s.host)if(d.activeElement===r)c.top.location.href=t.value}}},e)c.addEventListener(\"message\",c.wp.receiveEmbedMessage,!1),d.addEventListener(\"DOMContentLoaded\",t,!1),c.addEventListener(\"load\",t,!1);function t(){if(o);else{o=!0;for(var e,t,r,s=-1!==navigator.appVersion.indexOf(\"MSIE 10\"),a=!!navigator.userAgent.match(\/Trident.*rv:11\\.\/),i=d.querySelectorAll(\"iframe.wp-embedded-content\"),n=0;n<i.length;n++){if(!(r=(t=i[n]).getAttribute(\"data-secret\")))r=Math.random().toString(36).substr(2,10),t.src+=\"#?secret=\"+r,t.setAttribute(\"data-secret\",r);if(s||a)(e=t.cloneNode(!0)).removeAttribute(\"security\"),t.parentNode.replaceChild(e,t);t.contentWindow.postMessage({message:\"ready\",secret:r},\"*\")}}}}(window,document);\n<\/script>\n","description":"Retour \u00e0 la page d&#8217;accueil | Lisez l&#8217;ensemble de nos propositions C&#8217;est une crise mondiale \u00e0 laquelle il faut une r\u00e9ponse mondiale. Toutes les mesures de lutte contre cette pand\u00e9mie \u00e9choueront si elles ne sont pas respect\u00e9es au niveau international. C\u2019est pourquoi l&#8217;UE doit assumer ses responsabilit\u00e9s et jouer un r\u00f4le de premier plan dans &hellip; Continue reading \"\""}